{"id":228,"date":"2025-11-05T09:46:45","date_gmt":"2025-11-05T12:46:45","guid":{"rendered":"https:\/\/clinicadaaz.com.br\/?post_type=psicologo&#038;p=228"},"modified":"2025-11-05T10:05:20","modified_gmt":"2025-11-05T13:05:20","slug":"psicologa-mayara-falcao-modesto","status":"publish","type":"psicologo","link":"https:\/\/clinicadaaz.com.br\/?psicologo=psicologa-mayara-falcao-modesto","title":{"rendered":"Psic\u00f3loga Mayara Falc\u00e3o Modesto"},"content":{"rendered":"\t\t<div data-elementor-type=\"wp-post\" data-elementor-id=\"228\" class=\"elementor elementor-228\">\n\t\t\t\t<div class=\"elementor-element elementor-element-7332c16 e-flex e-con-boxed e-con e-parent\" data-id=\"7332c16\" data-element_type=\"container\">\n\t\t\t\t\t<div class=\"e-con-inner\">\n\t\t<div class=\"elementor-element elementor-element-9ef58be e-con-full e-flex e-con e-child\" data-id=\"9ef58be\" data-element_type=\"container\">\n\t\t\t\t<div class=\"elementor-element elementor-element-ec668be elementor-widget elementor-widget-image\" data-id=\"ec668be\" data-element_type=\"widget\" data-widget_type=\"image.default\">\n\t\t\t\t\t\t\t\t\t\t\t\t\t\t\t<img fetchpriority=\"high\" decoding=\"async\" width=\"300\" height=\"300\" src=\"https:\/\/clinicadaaz.com.br\/wp-content\/uploads\/2025\/11\/daaz004-300x300.png\" class=\"attachment-medium size-medium wp-image-230\" alt=\"\" srcset=\"https:\/\/clinicadaaz.com.br\/wp-content\/uploads\/2025\/11\/daaz004-300x300.png 300w, https:\/\/clinicadaaz.com.br\/wp-content\/uploads\/2025\/11\/daaz004-150x150.png 150w, https:\/\/clinicadaaz.com.br\/wp-content\/uploads\/2025\/11\/daaz004-600x600.png 600w, https:\/\/clinicadaaz.com.br\/wp-content\/uploads\/2025\/11\/daaz004.png 648w\" sizes=\"(max-width: 300px) 100vw, 300px\" \/>\t\t\t\t\t\t\t\t\t\t\t\t\t\t\t<\/div>\n\t\t\t\t<\/div>\n\t\t<div class=\"elementor-element elementor-element-0a640dc e-con-full e-flex e-con e-child\" data-id=\"0a640dc\" data-element_type=\"container\">\n\t\t\t\t<div class=\"elementor-element elementor-element-f408ec6 elementor-widget elementor-widget-heading\" data-id=\"f408ec6\" data-element_type=\"widget\" data-widget_type=\"heading.default\">\n\t\t\t\t\t<h2 class=\"elementor-heading-title elementor-size-default\">Psic\u00f3loga Mayara Falc\u00e3o Modesto<\/h2>\t\t\t\t<\/div>\n\t\t\t\t<div class=\"elementor-element elementor-element-0e1cd7f elementor-widget elementor-widget-text-editor\" data-id=\"0e1cd7f\" data-element_type=\"widget\" data-widget_type=\"text-editor.default\">\n\t\t\t\t\t\t\t\t\t<ul><li><h4>TCC<\/h4><\/li><li><h4>CRP 06\/217727<\/h4><\/li><li><h4>Hortol\u00e2ndia SP<\/h4><\/li><\/ul>\t\t\t\t\t\t\t\t<\/div>\n\t\t\t\t<div class=\"elementor-element elementor-element-9517f9b elementor-widget elementor-widget-button\" data-id=\"9517f9b\" data-element_type=\"widget\" data-widget_type=\"button.default\">\n\t\t\t\t\t\t\t\t\t\t<a class=\"elementor-button elementor-button-link elementor-size-sm\" href=\"https:\/\/wa.me\/5519981032380?text=Ol%C3%A1+vim+pela+Daaz+gostaria+de+saber+mais%21\">\n\t\t\t\t\t\t<span class=\"elementor-button-content-wrapper\">\n\t\t\t\t\t\t<span class=\"elementor-button-icon\">\n\t\t\t\t<svg aria-hidden=\"true\" class=\"e-font-icon-svg e-fab-whatsapp\" viewBox=\"0 0 448 512\" xmlns=\"http:\/\/www.w3.org\/2000\/svg\"><path d=\"M380.9 97.1C339 55.1 283.2 32 223.9 32c-122.4 0-222 99.6-222 222 0 39.1 10.2 77.3 29.6 111L0 480l117.7-30.9c32.4 17.7 68.9 27 106.1 27h.1c122.3 0 224.1-99.6 224.1-222 0-59.3-25.2-115-67.1-157zm-157 341.6c-33.2 0-65.7-8.9-94-25.7l-6.7-4-69.8 18.3L72 359.2l-4.4-7c-18.5-29.4-28.2-63.3-28.2-98.2 0-101.7 82.8-184.5 184.6-184.5 49.3 0 95.6 19.2 130.4 54.1 34.8 34.9 56.2 81.2 56.1 130.5 0 101.8-84.9 184.6-186.6 184.6zm101.2-138.2c-5.5-2.8-32.8-16.2-37.9-18-5.1-1.9-8.8-2.8-12.5 2.8-3.7 5.6-14.3 18-17.6 21.8-3.2 3.7-6.5 4.2-12 1.4-32.6-16.3-54-29.1-75.5-66-5.7-9.8 5.7-9.1 16.3-30.3 1.8-3.7.9-6.9-.5-9.7-1.4-2.8-12.5-30.1-17.1-41.2-4.5-10.8-9.1-9.3-12.5-9.5-3.2-.2-6.9-.2-10.6-.2-3.7 0-9.7 1.4-14.8 6.9-5.1 5.6-19.4 19-19.4 46.3 0 27.3 19.9 53.7 22.6 57.4 2.8 3.7 39.1 59.7 94.8 83.8 35.2 15.2 49 16.5 66.6 13.9 10.7-1.6 32.8-13.4 37.4-26.4 4.6-13 4.6-24.1 3.2-26.4-1.3-2.5-5-3.9-10.5-6.6z\"><\/path><\/svg>\t\t\t<\/span>\n\t\t\t\t\t\t\t\t\t<span class=\"elementor-button-text\">Whatsapp<\/span>\n\t\t\t\t\t<\/span>\n\t\t\t\t\t<\/a>\n\t\t\t\t\t\t\t\t<\/div>\n\t\t\t\t<\/div>\n\t\t\t\t\t<\/div>\n\t\t\t\t<\/div>\n\t\t<div class=\"elementor-element elementor-element-5ceaeef e-flex e-con-boxed e-con e-parent\" data-id=\"5ceaeef\" data-element_type=\"container\">\n\t\t\t\t\t<div class=\"e-con-inner\">\n\t\t\t\t<div class=\"elementor-element elementor-element-34f525b elementor-widget-divider--view-line elementor-widget elementor-widget-divider\" data-id=\"34f525b\" data-element_type=\"widget\" data-widget_type=\"divider.default\">\n\t\t\t\t\t\t\t<div class=\"elementor-divider\">\n\t\t\t<span class=\"elementor-divider-separator\">\n\t\t\t\t\t\t<\/span>\n\t\t<\/div>\n\t\t\t\t\t\t<\/div>\n\t\t\t\t\t<\/div>\n\t\t\t\t<\/div>\n\t\t<div class=\"elementor-element elementor-element-8ece0b5 e-flex e-con-boxed e-con e-parent\" data-id=\"8ece0b5\" data-element_type=\"container\">\n\t\t\t\t\t<div class=\"e-con-inner\">\n\t\t\t\t<div class=\"elementor-element elementor-element-ef82982 elementor-widget elementor-widget-heading\" data-id=\"ef82982\" data-element_type=\"widget\" data-widget_type=\"heading.default\">\n\t\t\t\t\t<h2 class=\"elementor-heading-title elementor-size-default\">Quem sou eu<\/h2>\t\t\t\t<\/div>\n\t\t\t\t<div class=\"elementor-element elementor-element-44f54bc elementor-widget elementor-widget-text-editor\" data-id=\"44f54bc\" data-element_type=\"widget\" data-widget_type=\"text-editor.default\">\n\t\t\t\t\t\t\t\t\t<p class=\"font_7 wixui-rich-text__text\">Ol\u00e1! Meu nome \u00e9 Mayara Falc\u00e3o, sou psic\u00f3loga formada pelo UNASP \u2013 Hortol\u00e2ndia e p\u00f3s-graduanda em Terapia Cognitivo-Comportamental (TCC) e Neuropsicologia.<br \/>Estou sempre em busca de aprimoramento, participando de cursos, congressos e grupos de estudo, pois acredito que a Psicologia \u00e9 um aprendizado cont\u00ednuo.<br \/>Tenho experi\u00eancia no atendimento de crian\u00e7as, adolescentes e adultos \u2014 t\u00edpicos e at\u00edpicos \u2014 em demandas relacionadas \u00e0 regula\u00e7\u00e3o emocional, autoestima, autoconhecimento, ansiedade e relacionamentos.<\/p>\n<p class=\"font_7 wixui-rich-text__text\">Meu foco \u00e9 oferecer um espa\u00e7o espa\u00e7o seguro e acolhedor, onde pode falar livremente e sem julgamentos. Vamos caminhar juntos(as) para superar desafios, comemorar conquistas, fortalecer suas emo\u00e7\u00f5es e cultivar mais equil\u00edbrio e bem-estar! \ud83d\udc9c<\/p>\t\t\t\t\t\t\t\t<\/div>\n\t\t\t\t\t<\/div>\n\t\t\t\t<\/div>\n\t\t<div class=\"elementor-element elementor-element-08c65e6 e-flex e-con-boxed e-con e-parent\" data-id=\"08c65e6\" data-element_type=\"container\">\n\t\t\t\t\t<div class=\"e-con-inner\">\n\t\t\t\t<div class=\"elementor-element elementor-element-965bd80 elementor-widget-divider--view-line elementor-widget elementor-widget-divider\" data-id=\"965bd80\" data-element_type=\"widget\" data-widget_type=\"divider.default\">\n\t\t\t\t\t\t\t<div class=\"elementor-divider\">\n\t\t\t<span class=\"elementor-divider-separator\">\n\t\t\t\t\t\t<\/span>\n\t\t<\/div>\n\t\t\t\t\t\t<\/div>\n\t\t\t\t\t<\/div>\n\t\t\t\t<\/div>\n\t\t<div class=\"elementor-element elementor-element-123bfa3 e-flex e-con-boxed e-con e-parent\" data-id=\"123bfa3\" data-element_type=\"container\">\n\t\t\t\t\t<div class=\"e-con-inner\">\n\t\t\t\t<div class=\"elementor-element elementor-element-9d55e06 elementor-widget elementor-widget-heading\" data-id=\"9d55e06\" data-element_type=\"widget\" data-widget_type=\"heading.default\">\n\t\t\t\t\t<h2 class=\"elementor-heading-title elementor-size-default\">Temas que atendo<\/h2>\t\t\t\t<\/div>\n\t\t\t\t<div class=\"elementor-element elementor-element-0616922 elementor-widget elementor-widget-text-editor\" data-id=\"0616922\" data-element_type=\"widget\" data-widget_type=\"text-editor.default\">\n\t\t\t\t\t\t\t\t\t<p>\/Autoestima\/ \/Autocuidado\/ \/Autoconhecimento\/ \/Ansiedade\/ \/Estresse\/ \/Conflitos familiares\/ \/Conflitos relacionais\/ \/Separa\u00e7\u00e3o (relacionamento)\/ \/Dificuldades de foco e organiza\u00e7\u00e3o\/ \/Dificuldades di\u00e1rias\/ \/Imagem pessoal\/ \/Orienta\u00e7\u00e3o vocacional e de pais\/ \/Desenvolvimento infanto-juvenil\/<\/p>\t\t\t\t\t\t\t\t<\/div>\n\t\t\t\t\t<\/div>\n\t\t\t\t<\/div>\n\t\t<div class=\"elementor-element elementor-element-e108d61 e-flex e-con-boxed e-con e-parent\" data-id=\"e108d61\" data-element_type=\"container\">\n\t\t\t\t\t<div class=\"e-con-inner\">\n\t\t\t\t<div class=\"elementor-element elementor-element-9265f57 elementor-widget-divider--view-line elementor-widget elementor-widget-divider\" data-id=\"9265f57\" data-element_type=\"widget\" data-widget_type=\"divider.default\">\n\t\t\t\t\t\t\t<div class=\"elementor-divider\">\n\t\t\t<span class=\"elementor-divider-separator\">\n\t\t\t\t\t\t<\/span>\n\t\t<\/div>\n\t\t\t\t\t\t<\/div>\n\t\t\t\t\t<\/div>\n\t\t\t\t<\/div>\n\t\t<div class=\"elementor-element elementor-element-0c8c681 e-flex e-con-boxed e-con e-parent\" data-id=\"0c8c681\" data-element_type=\"container\">\n\t\t\t\t\t<div class=\"e-con-inner\">\n\t\t\t\t<div class=\"elementor-element elementor-element-19bfb94 elementor-widget elementor-widget-heading\" data-id=\"19bfb94\" data-element_type=\"widget\" data-widget_type=\"heading.default\">\n\t\t\t\t\t<h2 class=\"elementor-heading-title elementor-size-default\">Atendimento Online<\/h2>\t\t\t\t<\/div>\n\t\t\t\t<div class=\"elementor-element elementor-element-3a6437b elementor-widget elementor-widget-text-editor\" data-id=\"3a6437b\" data-element_type=\"widget\" data-widget_type=\"text-editor.default\">\n\t\t\t\t\t\t\t\t\t<h2>Mayara Falc\u00e3o Modesto<\/h2><p>TCC<br \/>50 min<br \/>R$ 120,00<\/p>\t\t\t\t\t\t\t\t<\/div>\n\t\t\t\t<div class=\"elementor-element elementor-element-da0e480 elementor-widget elementor-widget-button\" data-id=\"da0e480\" data-element_type=\"widget\" data-widget_type=\"button.default\">\n\t\t\t\t\t\t\t\t\t\t<a class=\"elementor-button elementor-button-link elementor-size-sm\" href=\"https:\/\/wa.me\/5519981032380?text=Ol%C3%A1+vim+pela+Daaz+gostaria+de+saber+mais%21\">\n\t\t\t\t\t\t<span class=\"elementor-button-content-wrapper\">\n\t\t\t\t\t\t<span class=\"elementor-button-icon\">\n\t\t\t\t<svg aria-hidden=\"true\" class=\"e-font-icon-svg e-fab-whatsapp\" viewBox=\"0 0 448 512\" xmlns=\"http:\/\/www.w3.org\/2000\/svg\"><path d=\"M380.9 97.1C339 55.1 283.2 32 223.9 32c-122.4 0-222 99.6-222 222 0 39.1 10.2 77.3 29.6 111L0 480l117.7-30.9c32.4 17.7 68.9 27 106.1 27h.1c122.3 0 224.1-99.6 224.1-222 0-59.3-25.2-115-67.1-157zm-157 341.6c-33.2 0-65.7-8.9-94-25.7l-6.7-4-69.8 18.3L72 359.2l-4.4-7c-18.5-29.4-28.2-63.3-28.2-98.2 0-101.7 82.8-184.5 184.6-184.5 49.3 0 95.6 19.2 130.4 54.1 34.8 34.9 56.2 81.2 56.1 130.5 0 101.8-84.9 184.6-186.6 184.6zm101.2-138.2c-5.5-2.8-32.8-16.2-37.9-18-5.1-1.9-8.8-2.8-12.5 2.8-3.7 5.6-14.3 18-17.6 21.8-3.2 3.7-6.5 4.2-12 1.4-32.6-16.3-54-29.1-75.5-66-5.7-9.8 5.7-9.1 16.3-30.3 1.8-3.7.9-6.9-.5-9.7-1.4-2.8-12.5-30.1-17.1-41.2-4.5-10.8-9.1-9.3-12.5-9.5-3.2-.2-6.9-.2-10.6-.2-3.7 0-9.7 1.4-14.8 6.9-5.1 5.6-19.4 19-19.4 46.3 0 27.3 19.9 53.7 22.6 57.4 2.8 3.7 39.1 59.7 94.8 83.8 35.2 15.2 49 16.5 66.6 13.9 10.7-1.6 32.8-13.4 37.4-26.4 4.6-13 4.6-24.1 3.2-26.4-1.3-2.5-5-3.9-10.5-6.6z\"><\/path><\/svg>\t\t\t<\/span>\n\t\t\t\t\t\t\t\t\t<span class=\"elementor-button-text\">Agendar<\/span>\n\t\t\t\t\t<\/span>\n\t\t\t\t\t<\/a>\n\t\t\t\t\t\t\t\t<\/div>\n\t\t\t\t\t<\/div>\n\t\t\t\t<\/div>\n\t\t<div class=\"elementor-element elementor-element-a59fac4 e-flex e-con-boxed e-con e-parent\" data-id=\"a59fac4\" data-element_type=\"container\">\n\t\t\t\t\t<div class=\"e-con-inner\">\n\t\t\t\t<div class=\"elementor-element elementor-element-e1f0475 elementor-widget-divider--view-line elementor-widget elementor-widget-divider\" data-id=\"e1f0475\" data-element_type=\"widget\" data-widget_type=\"divider.default\">\n\t\t\t\t\t\t\t<div class=\"elementor-divider\">\n\t\t\t<span class=\"elementor-divider-separator\">\n\t\t\t\t\t\t<\/span>\n\t\t<\/div>\n\t\t\t\t\t\t<\/div>\n\t\t\t\t\t<\/div>\n\t\t\t\t<\/div>\n\t\t<div class=\"elementor-element elementor-element-7fbe920 e-flex e-con-boxed e-con e-parent\" data-id=\"7fbe920\" data-element_type=\"container\">\n\t\t\t\t\t<div class=\"e-con-inner\">\n\t\t\t\t<div class=\"elementor-element elementor-element-f07985f elementor-widget elementor-widget-heading\" data-id=\"f07985f\" data-element_type=\"widget\" data-widget_type=\"heading.default\">\n\t\t\t\t\t<h2 class=\"elementor-heading-title elementor-size-default\">Atendimento Presencial\n<\/h2>\t\t\t\t<\/div>\n\t\t\t\t<div class=\"elementor-element elementor-element-e2a059b elementor-widget elementor-widget-text-editor\" data-id=\"e2a059b\" data-element_type=\"widget\" data-widget_type=\"text-editor.default\">\n\t\t\t\t\t\t\t\t\t<p>Agende pelo Whatsapp (19) 98103.2380<\/p>\t\t\t\t\t\t\t\t<\/div>\n\t\t\t\t<div class=\"elementor-element elementor-element-76add1f elementor-widget elementor-widget-button\" data-id=\"76add1f\" data-element_type=\"widget\" data-widget_type=\"button.default\">\n\t\t\t\t\t\t\t\t\t\t<a class=\"elementor-button elementor-button-link elementor-size-sm\" href=\"https:\/\/wa.me\/5519981032380?text=Ol%C3%A1+vim+pela+Daaz+gostaria+de+saber+mais%21\">\n\t\t\t\t\t\t<span class=\"elementor-button-content-wrapper\">\n\t\t\t\t\t\t<span class=\"elementor-button-icon\">\n\t\t\t\t<svg aria-hidden=\"true\" class=\"e-font-icon-svg e-fab-whatsapp\" viewBox=\"0 0 448 512\" xmlns=\"http:\/\/www.w3.org\/2000\/svg\"><path d=\"M380.9 97.1C339 55.1 283.2 32 223.9 32c-122.4 0-222 99.6-222 222 0 39.1 10.2 77.3 29.6 111L0 480l117.7-30.9c32.4 17.7 68.9 27 106.1 27h.1c122.3 0 224.1-99.6 224.1-222 0-59.3-25.2-115-67.1-157zm-157 341.6c-33.2 0-65.7-8.9-94-25.7l-6.7-4-69.8 18.3L72 359.2l-4.4-7c-18.5-29.4-28.2-63.3-28.2-98.2 0-101.7 82.8-184.5 184.6-184.5 49.3 0 95.6 19.2 130.4 54.1 34.8 34.9 56.2 81.2 56.1 130.5 0 101.8-84.9 184.6-186.6 184.6zm101.2-138.2c-5.5-2.8-32.8-16.2-37.9-18-5.1-1.9-8.8-2.8-12.5 2.8-3.7 5.6-14.3 18-17.6 21.8-3.2 3.7-6.5 4.2-12 1.4-32.6-16.3-54-29.1-75.5-66-5.7-9.8 5.7-9.1 16.3-30.3 1.8-3.7.9-6.9-.5-9.7-1.4-2.8-12.5-30.1-17.1-41.2-4.5-10.8-9.1-9.3-12.5-9.5-3.2-.2-6.9-.2-10.6-.2-3.7 0-9.7 1.4-14.8 6.9-5.1 5.6-19.4 19-19.4 46.3 0 27.3 19.9 53.7 22.6 57.4 2.8 3.7 39.1 59.7 94.8 83.8 35.2 15.2 49 16.5 66.6 13.9 10.7-1.6 32.8-13.4 37.4-26.4 4.6-13 4.6-24.1 3.2-26.4-1.3-2.5-5-3.9-10.5-6.6z\"><\/path><\/svg>\t\t\t<\/span>\n\t\t\t\t\t\t\t\t\t<span class=\"elementor-button-text\">Agendar<\/span>\n\t\t\t\t\t<\/span>\n\t\t\t\t\t<\/a>\n\t\t\t\t\t\t\t\t<\/div>\n\t\t\t\t<div class=\"elementor-element elementor-element-2851e3d elementor-widget elementor-widget-google_maps\" data-id=\"2851e3d\" data-element_type=\"widget\" data-widget_type=\"google_maps.default\">\n\t\t\t\t\t\t\t<div class=\"elementor-custom-embed\">\n\t\t\t<iframe loading=\"lazy\"\n\t\t\t\t\tsrc=\"https:\/\/maps.google.com\/maps?q=Rua%20M%C3%A9xico%2C%20212%20-%20Jardim%20Santa%20Clara%20do%20Lago%20II%2C%20Hortol%C3%A2ndia%20-%20SP%2C%20CEP%2013186-450.&#038;t=m&#038;z=14&#038;output=embed&#038;iwloc=near\"\n\t\t\t\t\ttitle=\"Rua M\u00e9xico, 212 - Jardim Santa Clara do Lago II, Hortol\u00e2ndia - SP, CEP 13186-450.\"\n\t\t\t\t\taria-label=\"Rua M\u00e9xico, 212 - Jardim Santa Clara do Lago II, Hortol\u00e2ndia - SP, CEP 13186-450.\"\n\t\t\t><\/iframe>\n\t\t<\/div>\n\t\t\t\t\t\t<\/div>\n\t\t\t\t<div class=\"elementor-element elementor-element-a2a6ccc elementor-widget elementor-widget-text-editor\" data-id=\"a2a6ccc\" data-element_type=\"widget\" data-widget_type=\"text-editor.default\">\n\t\t\t\t\t\t\t\t\t<p><span class=\"w8qArf FoJoyf\"><a class=\"fl\" href=\"https:\/\/www.google.com\/search?sca_esv=6848a430e14581e8&amp;rlz=1C1RXQR_enBR1151BR1151&amp;sxsrf=AE3TifOZEZgbKn3IydSiDMJYIiuzEmETVw:1762281994446&amp;q=danielina+queli+psic%C3%B3loga+fortaleza+endere%C3%A7o&amp;ludocid=2563735560921804907&amp;sa=X&amp;ved=2ahUKEwiSp5eClNmQAxUfqZUCHXFbMK8Q6BN6BAg2EAI\" data-ved=\"2ahUKEwiSp5eClNmQAxUfqZUCHXFbMK8Q6BN6BAg2EAI\">Endere\u00e7o<\/a>: Rua M\u00e9xico, 212 &#8211; Jardim Santa Clara do Lago II, Hortol\u00e2ndia &#8211; SP, CEP 13186-450.<\/span><\/p>\t\t\t\t\t\t\t\t<\/div>\n\t\t\t\t\t<\/div>\n\t\t\t\t<\/div>\n\t\t\t\t<\/div>\n\t\t","protected":false},"excerpt":{"rendered":"<p>Psic\u00f3loga Mayara Falc\u00e3o Modesto TCC CRP 06\/217727 Hortol\u00e2ndia SP Whatsapp Quem sou eu Ol\u00e1! Meu nome \u00e9 Mayara Falc\u00e3o, sou psic\u00f3loga formada pelo UNASP \u2013 Hortol\u00e2ndia e p\u00f3s-graduanda em Terapia Cognitivo-Comportamental (TCC) e Neuropsicologia.Estou sempre em busca de aprimoramento, participando de cursos, congressos e grupos de estudo, pois acredito que a Psicologia \u00e9 um aprendizado [&hellip;]<\/p>\n","protected":false},"featured_media":230,"template":"","class_list":["post-228","psicologo","type-psicologo","status-publish","has-post-thumbnail","hentry","entry","has-media"],"acf":[],"yoast_head":"<!-- This site is optimized with the Yoast SEO plugin v26.3 - https:\/\/yoast.com\/wordpress\/plugins\/seo\/ -->\n<title>Psic\u00f3loga Mayara Falc\u00e3o Modesto - Cl\u00ednica Daaz<\/title>\n<meta name=\"robots\" content=\"index, follow, max-snippet:-1, max-image-preview:large, max-video-preview:-1\" \/>\n<link rel=\"canonical\" href=\"https:\/\/clinicadaaz.com.br\/?psicologo=psicologa-mayara-falcao-modesto\" \/>\n<meta property=\"og:locale\" content=\"pt_BR\" \/>\n<meta property=\"og:type\" content=\"article\" \/>\n<meta property=\"og:title\" content=\"Psic\u00f3loga Mayara Falc\u00e3o Modesto - Cl\u00ednica Daaz\" \/>\n<meta property=\"og:description\" content=\"Psic\u00f3loga Mayara Falc\u00e3o Modesto TCC CRP 06\/217727 Hortol\u00e2ndia SP Whatsapp Quem sou eu Ol\u00e1! Meu nome \u00e9 Mayara Falc\u00e3o, sou psic\u00f3loga formada pelo UNASP \u2013 Hortol\u00e2ndia e p\u00f3s-graduanda em Terapia Cognitivo-Comportamental (TCC) e Neuropsicologia.Estou sempre em busca de aprimoramento, participando de cursos, congressos e grupos de estudo, pois acredito que a Psicologia \u00e9 um aprendizado [&hellip;]\" \/>\n<meta property=\"og:url\" content=\"https:\/\/clinicadaaz.com.br\/?psicologo=psicologa-mayara-falcao-modesto\" \/>\n<meta property=\"og:site_name\" content=\"Cl\u00ednica Daaz\" \/>\n<meta property=\"article:modified_time\" content=\"2025-11-05T13:05:20+00:00\" \/>\n<meta property=\"og:image\" content=\"https:\/\/clinicadaaz.com.br\/wp-content\/uploads\/2025\/11\/daaz004.png\" \/>\n\t<meta property=\"og:image:width\" content=\"648\" \/>\n\t<meta property=\"og:image:height\" content=\"649\" \/>\n\t<meta property=\"og:image:type\" content=\"image\/png\" \/>\n<meta name=\"twitter:card\" content=\"summary_large_image\" \/>\n<meta name=\"twitter:label1\" content=\"Est. tempo de leitura\" \/>\n\t<meta name=\"twitter:data1\" content=\"2 minutos\" \/>\n<script type=\"application\/ld+json\" class=\"yoast-schema-graph\">{\"@context\":\"https:\/\/schema.org\",\"@graph\":[{\"@type\":\"WebPage\",\"@id\":\"https:\/\/clinicadaaz.com.br\/?psicologo=psicologa-mayara-falcao-modesto\",\"url\":\"https:\/\/clinicadaaz.com.br\/?psicologo=psicologa-mayara-falcao-modesto\",\"name\":\"Psic\u00f3loga Mayara Falc\u00e3o Modesto - Cl\u00ednica Daaz\",\"isPartOf\":{\"@id\":\"https:\/\/clinicadaaz.com.br\/#website\"},\"primaryImageOfPage\":{\"@id\":\"https:\/\/clinicadaaz.com.br\/?psicologo=psicologa-mayara-falcao-modesto#primaryimage\"},\"image\":{\"@id\":\"https:\/\/clinicadaaz.com.br\/?psicologo=psicologa-mayara-falcao-modesto#primaryimage\"},\"thumbnailUrl\":\"https:\/\/clinicadaaz.com.br\/wp-content\/uploads\/2025\/11\/daaz004.png\",\"datePublished\":\"2025-11-05T12:46:45+00:00\",\"dateModified\":\"2025-11-05T13:05:20+00:00\",\"breadcrumb\":{\"@id\":\"https:\/\/clinicadaaz.com.br\/?psicologo=psicologa-mayara-falcao-modesto#breadcrumb\"},\"inLanguage\":\"pt-BR\",\"potentialAction\":[{\"@type\":\"ReadAction\",\"target\":[\"https:\/\/clinicadaaz.com.br\/?psicologo=psicologa-mayara-falcao-modesto\"]}]},{\"@type\":\"ImageObject\",\"inLanguage\":\"pt-BR\",\"@id\":\"https:\/\/clinicadaaz.com.br\/?psicologo=psicologa-mayara-falcao-modesto#primaryimage\",\"url\":\"https:\/\/clinicadaaz.com.br\/wp-content\/uploads\/2025\/11\/daaz004.png\",\"contentUrl\":\"https:\/\/clinicadaaz.com.br\/wp-content\/uploads\/2025\/11\/daaz004.png\",\"width\":648,\"height\":649},{\"@type\":\"BreadcrumbList\",\"@id\":\"https:\/\/clinicadaaz.com.br\/?psicologo=psicologa-mayara-falcao-modesto#breadcrumb\",\"itemListElement\":[{\"@type\":\"ListItem\",\"position\":1,\"name\":\"In\u00edcio\",\"item\":\"https:\/\/clinicadaaz.com.br\/\"},{\"@type\":\"ListItem\",\"position\":2,\"name\":\"Psic\u00f3loga Mayara Falc\u00e3o Modesto\"}]},{\"@type\":\"WebSite\",\"@id\":\"https:\/\/clinicadaaz.com.br\/#website\",\"url\":\"https:\/\/clinicadaaz.com.br\/\",\"name\":\"Cl\u00ednica Daaz\",\"description\":\"\",\"publisher\":{\"@id\":\"https:\/\/clinicadaaz.com.br\/#organization\"},\"potentialAction\":[{\"@type\":\"SearchAction\",\"target\":{\"@type\":\"EntryPoint\",\"urlTemplate\":\"https:\/\/clinicadaaz.com.br\/?s={search_term_string}\"},\"query-input\":{\"@type\":\"PropertyValueSpecification\",\"valueRequired\":true,\"valueName\":\"search_term_string\"}}],\"inLanguage\":\"pt-BR\"},{\"@type\":\"Organization\",\"@id\":\"https:\/\/clinicadaaz.com.br\/#organization\",\"name\":\"Cl\u00ednica Daaz\",\"url\":\"https:\/\/clinicadaaz.com.br\/\",\"logo\":{\"@type\":\"ImageObject\",\"inLanguage\":\"pt-BR\",\"@id\":\"https:\/\/clinicadaaz.com.br\/#\/schema\/logo\/image\/\",\"url\":\"https:\/\/clinicadaaz.com.br\/wp-content\/uploads\/2025\/11\/cropped-DAAZZLOGO.png\",\"contentUrl\":\"https:\/\/clinicadaaz.com.br\/wp-content\/uploads\/2025\/11\/cropped-DAAZZLOGO.png\",\"width\":370,\"height\":126,\"caption\":\"Cl\u00ednica Daaz\"},\"image\":{\"@id\":\"https:\/\/clinicadaaz.com.br\/#\/schema\/logo\/image\/\"}}]}<\/script>\n<!-- \/ Yoast SEO plugin. -->","yoast_head_json":{"title":"Psic\u00f3loga Mayara Falc\u00e3o Modesto - Cl\u00ednica Daaz","robots":{"index":"index","follow":"follow","max-snippet":"max-snippet:-1","max-image-preview":"max-image-preview:large","max-video-preview":"max-video-preview:-1"},"canonical":"https:\/\/clinicadaaz.com.br\/?psicologo=psicologa-mayara-falcao-modesto","og_locale":"pt_BR","og_type":"article","og_title":"Psic\u00f3loga Mayara Falc\u00e3o Modesto - Cl\u00ednica Daaz","og_description":"Psic\u00f3loga Mayara Falc\u00e3o Modesto TCC CRP 06\/217727 Hortol\u00e2ndia SP Whatsapp Quem sou eu Ol\u00e1! Meu nome \u00e9 Mayara Falc\u00e3o, sou psic\u00f3loga formada pelo UNASP \u2013 Hortol\u00e2ndia e p\u00f3s-graduanda em Terapia Cognitivo-Comportamental (TCC) e Neuropsicologia.Estou sempre em busca de aprimoramento, participando de cursos, congressos e grupos de estudo, pois acredito que a Psicologia \u00e9 um aprendizado [&hellip;]","og_url":"https:\/\/clinicadaaz.com.br\/?psicologo=psicologa-mayara-falcao-modesto","og_site_name":"Cl\u00ednica Daaz","article_modified_time":"2025-11-05T13:05:20+00:00","og_image":[{"width":648,"height":649,"url":"https:\/\/clinicadaaz.com.br\/wp-content\/uploads\/2025\/11\/daaz004.png","type":"image\/png"}],"twitter_card":"summary_large_image","twitter_misc":{"Est. tempo de leitura":"2 minutos"},"schema":{"@context":"https:\/\/schema.org","@graph":[{"@type":"WebPage","@id":"https:\/\/clinicadaaz.com.br\/?psicologo=psicologa-mayara-falcao-modesto","url":"https:\/\/clinicadaaz.com.br\/?psicologo=psicologa-mayara-falcao-modesto","name":"Psic\u00f3loga Mayara Falc\u00e3o Modesto - Cl\u00ednica Daaz","isPartOf":{"@id":"https:\/\/clinicadaaz.com.br\/#website"},"primaryImageOfPage":{"@id":"https:\/\/clinicadaaz.com.br\/?psicologo=psicologa-mayara-falcao-modesto#primaryimage"},"image":{"@id":"https:\/\/clinicadaaz.com.br\/?psicologo=psicologa-mayara-falcao-modesto#primaryimage"},"thumbnailUrl":"https:\/\/clinicadaaz.com.br\/wp-content\/uploads\/2025\/11\/daaz004.png","datePublished":"2025-11-05T12:46:45+00:00","dateModified":"2025-11-05T13:05:20+00:00","breadcrumb":{"@id":"https:\/\/clinicadaaz.com.br\/?psicologo=psicologa-mayara-falcao-modesto#breadcrumb"},"inLanguage":"pt-BR","potentialAction":[{"@type":"ReadAction","target":["https:\/\/clinicadaaz.com.br\/?psicologo=psicologa-mayara-falcao-modesto"]}]},{"@type":"ImageObject","inLanguage":"pt-BR","@id":"https:\/\/clinicadaaz.com.br\/?psicologo=psicologa-mayara-falcao-modesto#primaryimage","url":"https:\/\/clinicadaaz.com.br\/wp-content\/uploads\/2025\/11\/daaz004.png","contentUrl":"https:\/\/clinicadaaz.com.br\/wp-content\/uploads\/2025\/11\/daaz004.png","width":648,"height":649},{"@type":"BreadcrumbList","@id":"https:\/\/clinicadaaz.com.br\/?psicologo=psicologa-mayara-falcao-modesto#breadcrumb","itemListElement":[{"@type":"ListItem","position":1,"name":"In\u00edcio","item":"https:\/\/clinicadaaz.com.br\/"},{"@type":"ListItem","position":2,"name":"Psic\u00f3loga Mayara Falc\u00e3o Modesto"}]},{"@type":"WebSite","@id":"https:\/\/clinicadaaz.com.br\/#website","url":"https:\/\/clinicadaaz.com.br\/","name":"Cl\u00ednica Daaz","description":"","publisher":{"@id":"https:\/\/clinicadaaz.com.br\/#organization"},"potentialAction":[{"@type":"SearchAction","target":{"@type":"EntryPoint","urlTemplate":"https:\/\/clinicadaaz.com.br\/?s={search_term_string}"},"query-input":{"@type":"PropertyValueSpecification","valueRequired":true,"valueName":"search_term_string"}}],"inLanguage":"pt-BR"},{"@type":"Organization","@id":"https:\/\/clinicadaaz.com.br\/#organization","name":"Cl\u00ednica Daaz","url":"https:\/\/clinicadaaz.com.br\/","logo":{"@type":"ImageObject","inLanguage":"pt-BR","@id":"https:\/\/clinicadaaz.com.br\/#\/schema\/logo\/image\/","url":"https:\/\/clinicadaaz.com.br\/wp-content\/uploads\/2025\/11\/cropped-DAAZZLOGO.png","contentUrl":"https:\/\/clinicadaaz.com.br\/wp-content\/uploads\/2025\/11\/cropped-DAAZZLOGO.png","width":370,"height":126,"caption":"Cl\u00ednica Daaz"},"image":{"@id":"https:\/\/clinicadaaz.com.br\/#\/schema\/logo\/image\/"}}]}},"_links":{"self":[{"href":"https:\/\/clinicadaaz.com.br\/index.php?rest_route=\/wp\/v2\/psicologo\/228","targetHints":{"allow":["GET"]}}],"collection":[{"href":"https:\/\/clinicadaaz.com.br\/index.php?rest_route=\/wp\/v2\/psicologo"}],"about":[{"href":"https:\/\/clinicadaaz.com.br\/index.php?rest_route=\/wp\/v2\/types\/psicologo"}],"version-history":[{"count":11,"href":"https:\/\/clinicadaaz.com.br\/index.php?rest_route=\/wp\/v2\/psicologo\/228\/revisions"}],"predecessor-version":[{"id":240,"href":"https:\/\/clinicadaaz.com.br\/index.php?rest_route=\/wp\/v2\/psicologo\/228\/revisions\/240"}],"wp:featuredmedia":[{"embeddable":true,"href":"https:\/\/clinicadaaz.com.br\/index.php?rest_route=\/wp\/v2\/media\/230"}],"wp:attachment":[{"href":"https:\/\/clinicadaaz.com.br\/index.php?rest_route=%2Fwp%2Fv2%2Fmedia&parent=228"}],"curies":[{"name":"wp","href":"https:\/\/api.w.org\/{rel}","templated":true}]}}