{"id":241,"date":"2025-11-05T11:13:28","date_gmt":"2025-11-05T14:13:28","guid":{"rendered":"https:\/\/clinicadaaz.com.br\/?post_type=psicologo&#038;p=241"},"modified":"2025-11-05T11:18:27","modified_gmt":"2025-11-05T14:18:27","slug":"psicologa-thays-rabelo-paiva","status":"publish","type":"psicologo","link":"https:\/\/clinicadaaz.com.br\/?psicologo=psicologa-thays-rabelo-paiva","title":{"rendered":"Psic\u00f3loga Thays Rabelo Paiva"},"content":{"rendered":"\t\t<div data-elementor-type=\"wp-post\" data-elementor-id=\"241\" class=\"elementor elementor-241\">\n\t\t\t\t<div class=\"elementor-element elementor-element-7332c16 e-flex e-con-boxed e-con e-parent\" data-id=\"7332c16\" data-element_type=\"container\">\n\t\t\t\t\t<div class=\"e-con-inner\">\n\t\t<div class=\"elementor-element elementor-element-9ef58be e-con-full e-flex e-con e-child\" data-id=\"9ef58be\" data-element_type=\"container\">\n\t\t\t\t<div class=\"elementor-element elementor-element-ec668be elementor-widget elementor-widget-image\" data-id=\"ec668be\" data-element_type=\"widget\" data-widget_type=\"image.default\">\n\t\t\t\t\t\t\t\t\t\t\t\t\t\t\t<img fetchpriority=\"high\" decoding=\"async\" width=\"300\" height=\"300\" src=\"https:\/\/clinicadaaz.com.br\/wp-content\/uploads\/2025\/11\/thays-diaaz-300x300.png\" class=\"attachment-medium size-medium wp-image-242\" alt=\"\" srcset=\"https:\/\/clinicadaaz.com.br\/wp-content\/uploads\/2025\/11\/thays-diaaz-300x300.png 300w, https:\/\/clinicadaaz.com.br\/wp-content\/uploads\/2025\/11\/thays-diaaz-150x150.png 150w, https:\/\/clinicadaaz.com.br\/wp-content\/uploads\/2025\/11\/thays-diaaz-600x600.png 600w, https:\/\/clinicadaaz.com.br\/wp-content\/uploads\/2025\/11\/thays-diaaz.png 648w\" sizes=\"(max-width: 300px) 100vw, 300px\" \/>\t\t\t\t\t\t\t\t\t\t\t\t\t\t\t<\/div>\n\t\t\t\t<\/div>\n\t\t<div class=\"elementor-element elementor-element-0a640dc e-con-full e-flex e-con e-child\" data-id=\"0a640dc\" data-element_type=\"container\">\n\t\t\t\t<div class=\"elementor-element elementor-element-f408ec6 elementor-widget elementor-widget-heading\" data-id=\"f408ec6\" data-element_type=\"widget\" data-widget_type=\"heading.default\">\n\t\t\t\t\t<h2 class=\"elementor-heading-title elementor-size-default\">Thays Rabelo Paiva<\/h2>\t\t\t\t<\/div>\n\t\t\t\t<div class=\"elementor-element elementor-element-0e1cd7f elementor-widget elementor-widget-text-editor\" data-id=\"0e1cd7f\" data-element_type=\"widget\" data-widget_type=\"text-editor.default\">\n\t\t\t\t\t\t\t\t\t<ul><li><h4>Psican\u00e1lise<\/h4><\/li><li><h4>CRP 11\/13535<\/h4><\/li><li><h4>Fortaleza \/ Ce<\/h4><\/li><\/ul>\t\t\t\t\t\t\t\t<\/div>\n\t\t\t\t<div class=\"elementor-element elementor-element-9517f9b elementor-widget elementor-widget-button\" data-id=\"9517f9b\" data-element_type=\"widget\" data-widget_type=\"button.default\">\n\t\t\t\t\t\t\t\t\t\t<a class=\"elementor-button elementor-button-link elementor-size-sm\" href=\"https:\/\/wa.me\/5585999614918?text=Ol%C3%A1+vim+pela+Daaz+gostaria+de+saber+mais%21\">\n\t\t\t\t\t\t<span class=\"elementor-button-content-wrapper\">\n\t\t\t\t\t\t<span class=\"elementor-button-icon\">\n\t\t\t\t<svg aria-hidden=\"true\" class=\"e-font-icon-svg e-fab-whatsapp\" viewBox=\"0 0 448 512\" xmlns=\"http:\/\/www.w3.org\/2000\/svg\"><path d=\"M380.9 97.1C339 55.1 283.2 32 223.9 32c-122.4 0-222 99.6-222 222 0 39.1 10.2 77.3 29.6 111L0 480l117.7-30.9c32.4 17.7 68.9 27 106.1 27h.1c122.3 0 224.1-99.6 224.1-222 0-59.3-25.2-115-67.1-157zm-157 341.6c-33.2 0-65.7-8.9-94-25.7l-6.7-4-69.8 18.3L72 359.2l-4.4-7c-18.5-29.4-28.2-63.3-28.2-98.2 0-101.7 82.8-184.5 184.6-184.5 49.3 0 95.6 19.2 130.4 54.1 34.8 34.9 56.2 81.2 56.1 130.5 0 101.8-84.9 184.6-186.6 184.6zm101.2-138.2c-5.5-2.8-32.8-16.2-37.9-18-5.1-1.9-8.8-2.8-12.5 2.8-3.7 5.6-14.3 18-17.6 21.8-3.2 3.7-6.5 4.2-12 1.4-32.6-16.3-54-29.1-75.5-66-5.7-9.8 5.7-9.1 16.3-30.3 1.8-3.7.9-6.9-.5-9.7-1.4-2.8-12.5-30.1-17.1-41.2-4.5-10.8-9.1-9.3-12.5-9.5-3.2-.2-6.9-.2-10.6-.2-3.7 0-9.7 1.4-14.8 6.9-5.1 5.6-19.4 19-19.4 46.3 0 27.3 19.9 53.7 22.6 57.4 2.8 3.7 39.1 59.7 94.8 83.8 35.2 15.2 49 16.5 66.6 13.9 10.7-1.6 32.8-13.4 37.4-26.4 4.6-13 4.6-24.1 3.2-26.4-1.3-2.5-5-3.9-10.5-6.6z\"><\/path><\/svg>\t\t\t<\/span>\n\t\t\t\t\t\t\t\t\t<span class=\"elementor-button-text\">Whatsapp<\/span>\n\t\t\t\t\t<\/span>\n\t\t\t\t\t<\/a>\n\t\t\t\t\t\t\t\t<\/div>\n\t\t\t\t<\/div>\n\t\t\t\t\t<\/div>\n\t\t\t\t<\/div>\n\t\t<div class=\"elementor-element elementor-element-5ceaeef e-flex e-con-boxed e-con e-parent\" data-id=\"5ceaeef\" data-element_type=\"container\">\n\t\t\t\t\t<div class=\"e-con-inner\">\n\t\t\t\t<div class=\"elementor-element elementor-element-34f525b elementor-widget-divider--view-line elementor-widget elementor-widget-divider\" data-id=\"34f525b\" data-element_type=\"widget\" data-widget_type=\"divider.default\">\n\t\t\t\t\t\t\t<div class=\"elementor-divider\">\n\t\t\t<span class=\"elementor-divider-separator\">\n\t\t\t\t\t\t<\/span>\n\t\t<\/div>\n\t\t\t\t\t\t<\/div>\n\t\t\t\t\t<\/div>\n\t\t\t\t<\/div>\n\t\t<div class=\"elementor-element elementor-element-8ece0b5 e-flex e-con-boxed e-con e-parent\" data-id=\"8ece0b5\" data-element_type=\"container\">\n\t\t\t\t\t<div class=\"e-con-inner\">\n\t\t\t\t<div class=\"elementor-element elementor-element-ef82982 elementor-widget elementor-widget-heading\" data-id=\"ef82982\" data-element_type=\"widget\" data-widget_type=\"heading.default\">\n\t\t\t\t\t<h2 class=\"elementor-heading-title elementor-size-default\">Quem sou eu<\/h2>\t\t\t\t<\/div>\n\t\t\t\t<div class=\"elementor-element elementor-element-44f54bc elementor-widget elementor-widget-text-editor\" data-id=\"44f54bc\" data-element_type=\"widget\" data-widget_type=\"text-editor.default\">\n\t\t\t\t\t\t\t\t\t<p>Psic\u00f3loga Cl\u00ednica<br \/>Formada em Psicologia pela Universidade de Fortaleza (UNIFOR) em 2019, atuo como psic\u00f3loga cl\u00ednica desde ent\u00e3o, com experi\u00eancia no atendimento a crian\u00e7as a partir dos 6 anos, adolescentes e adultos. Meu trabalho \u00e9 pautado na escuta qualificada, no acolhimento e na promo\u00e7\u00e3o do bem-estar emocional, com foco no desenvolvimento pessoal e na sa\u00fade mental de meus pacientes.<\/p>\t\t\t\t\t\t\t\t<\/div>\n\t\t\t\t<div class=\"elementor-element elementor-element-b7507a3 elementor-widget elementor-widget-heading\" data-id=\"b7507a3\" data-element_type=\"widget\" data-widget_type=\"heading.default\">\n\t\t\t\t\t<h2 class=\"elementor-heading-title elementor-size-default\">Objetivo profissional:<\/h2>\t\t\t\t<\/div>\n\t\t\t\t<div class=\"elementor-element elementor-element-2245fa9 elementor-widget elementor-widget-text-editor\" data-id=\"2245fa9\" data-element_type=\"widget\" data-widget_type=\"text-editor.default\">\n\t\t\t\t\t\t\t\t\t<p>Seguir contribuindo para o cuidado em sa\u00fade mental, ampliando minha atua\u00e7\u00e3o cl\u00ednica e aprofundando minha forma\u00e7\u00e3o cont\u00ednua na \u00e1rea.<\/p>\t\t\t\t\t\t\t\t<\/div>\n\t\t\t\t\t<\/div>\n\t\t\t\t<\/div>\n\t\t<div class=\"elementor-element elementor-element-08c65e6 e-flex e-con-boxed e-con e-parent\" data-id=\"08c65e6\" data-element_type=\"container\">\n\t\t\t\t\t<div class=\"e-con-inner\">\n\t\t\t\t<div class=\"elementor-element elementor-element-965bd80 elementor-widget-divider--view-line elementor-widget elementor-widget-divider\" data-id=\"965bd80\" data-element_type=\"widget\" data-widget_type=\"divider.default\">\n\t\t\t\t\t\t\t<div class=\"elementor-divider\">\n\t\t\t<span class=\"elementor-divider-separator\">\n\t\t\t\t\t\t<\/span>\n\t\t<\/div>\n\t\t\t\t\t\t<\/div>\n\t\t\t\t\t<\/div>\n\t\t\t\t<\/div>\n\t\t<div class=\"elementor-element elementor-element-123bfa3 e-flex e-con-boxed e-con e-parent\" data-id=\"123bfa3\" data-element_type=\"container\">\n\t\t\t\t\t<div class=\"e-con-inner\">\n\t\t\t\t<div class=\"elementor-element elementor-element-9d55e06 elementor-widget elementor-widget-heading\" data-id=\"9d55e06\" data-element_type=\"widget\" data-widget_type=\"heading.default\">\n\t\t\t\t\t<h2 class=\"elementor-heading-title elementor-size-default\">Temas que atendo<\/h2>\t\t\t\t<\/div>\n\t\t\t\t<div class=\"elementor-element elementor-element-0616922 elementor-widget elementor-widget-text-editor\" data-id=\"0616922\" data-element_type=\"widget\" data-widget_type=\"text-editor.default\">\n\t\t\t\t\t\t\t\t\t<p>\/Psicoterapia individual para crian\u00e7as, adolescentes e adultos\/ \/Acompanhamento psicol\u00f3gico com foco em quest\u00f5es emocionais, comportamentais e relacionais\/ \/Interven\u00e7\u00f5es baseadas em escuta ativa, empatia e \u00e9tica profissional\/<\/p>\t\t\t\t\t\t\t\t<\/div>\n\t\t\t\t\t<\/div>\n\t\t\t\t<\/div>\n\t\t<div class=\"elementor-element elementor-element-e108d61 e-flex e-con-boxed e-con e-parent\" data-id=\"e108d61\" data-element_type=\"container\">\n\t\t\t\t\t<div class=\"e-con-inner\">\n\t\t\t\t<div class=\"elementor-element elementor-element-9265f57 elementor-widget-divider--view-line elementor-widget elementor-widget-divider\" data-id=\"9265f57\" data-element_type=\"widget\" data-widget_type=\"divider.default\">\n\t\t\t\t\t\t\t<div class=\"elementor-divider\">\n\t\t\t<span class=\"elementor-divider-separator\">\n\t\t\t\t\t\t<\/span>\n\t\t<\/div>\n\t\t\t\t\t\t<\/div>\n\t\t\t\t\t<\/div>\n\t\t\t\t<\/div>\n\t\t<div class=\"elementor-element elementor-element-0c8c681 e-flex e-con-boxed e-con e-parent\" data-id=\"0c8c681\" data-element_type=\"container\">\n\t\t\t\t\t<div class=\"e-con-inner\">\n\t\t\t\t<div class=\"elementor-element elementor-element-19bfb94 elementor-widget elementor-widget-heading\" data-id=\"19bfb94\" data-element_type=\"widget\" data-widget_type=\"heading.default\">\n\t\t\t\t\t<h2 class=\"elementor-heading-title elementor-size-default\">Atendimento Online<\/h2>\t\t\t\t<\/div>\n\t\t\t\t<div class=\"elementor-element elementor-element-3a6437b elementor-widget elementor-widget-text-editor\" data-id=\"3a6437b\" data-element_type=\"widget\" data-widget_type=\"text-editor.default\">\n\t\t\t\t\t\t\t\t\t<h2>Psic\u00f3loga Thays Rabelo Paiva<\/h2><p>\u00a0Psican\u00e1lise <br \/>50 min<br \/>R$ 170,00 (1\u00aa sess\u00e3o) R$ 150,00 (demais sess\u00f5es) <\/p>\t\t\t\t\t\t\t\t<\/div>\n\t\t\t\t<div class=\"elementor-element elementor-element-da0e480 elementor-widget elementor-widget-button\" data-id=\"da0e480\" data-element_type=\"widget\" data-widget_type=\"button.default\">\n\t\t\t\t\t\t\t\t\t\t<a class=\"elementor-button elementor-button-link elementor-size-sm\" href=\"https:\/\/wa.me\/5585999614918?text=Ol%C3%A1+vim+pela+Daaz+gostaria+de+saber+mais%21\">\n\t\t\t\t\t\t<span class=\"elementor-button-content-wrapper\">\n\t\t\t\t\t\t<span class=\"elementor-button-icon\">\n\t\t\t\t<svg aria-hidden=\"true\" class=\"e-font-icon-svg e-fab-whatsapp\" viewBox=\"0 0 448 512\" xmlns=\"http:\/\/www.w3.org\/2000\/svg\"><path d=\"M380.9 97.1C339 55.1 283.2 32 223.9 32c-122.4 0-222 99.6-222 222 0 39.1 10.2 77.3 29.6 111L0 480l117.7-30.9c32.4 17.7 68.9 27 106.1 27h.1c122.3 0 224.1-99.6 224.1-222 0-59.3-25.2-115-67.1-157zm-157 341.6c-33.2 0-65.7-8.9-94-25.7l-6.7-4-69.8 18.3L72 359.2l-4.4-7c-18.5-29.4-28.2-63.3-28.2-98.2 0-101.7 82.8-184.5 184.6-184.5 49.3 0 95.6 19.2 130.4 54.1 34.8 34.9 56.2 81.2 56.1 130.5 0 101.8-84.9 184.6-186.6 184.6zm101.2-138.2c-5.5-2.8-32.8-16.2-37.9-18-5.1-1.9-8.8-2.8-12.5 2.8-3.7 5.6-14.3 18-17.6 21.8-3.2 3.7-6.5 4.2-12 1.4-32.6-16.3-54-29.1-75.5-66-5.7-9.8 5.7-9.1 16.3-30.3 1.8-3.7.9-6.9-.5-9.7-1.4-2.8-12.5-30.1-17.1-41.2-4.5-10.8-9.1-9.3-12.5-9.5-3.2-.2-6.9-.2-10.6-.2-3.7 0-9.7 1.4-14.8 6.9-5.1 5.6-19.4 19-19.4 46.3 0 27.3 19.9 53.7 22.6 57.4 2.8 3.7 39.1 59.7 94.8 83.8 35.2 15.2 49 16.5 66.6 13.9 10.7-1.6 32.8-13.4 37.4-26.4 4.6-13 4.6-24.1 3.2-26.4-1.3-2.5-5-3.9-10.5-6.6z\"><\/path><\/svg>\t\t\t<\/span>\n\t\t\t\t\t\t\t\t\t<span class=\"elementor-button-text\">Agendar<\/span>\n\t\t\t\t\t<\/span>\n\t\t\t\t\t<\/a>\n\t\t\t\t\t\t\t\t<\/div>\n\t\t\t\t\t<\/div>\n\t\t\t\t<\/div>\n\t\t<div class=\"elementor-element elementor-element-a59fac4 e-flex e-con-boxed e-con e-parent\" data-id=\"a59fac4\" data-element_type=\"container\">\n\t\t\t\t\t<div class=\"e-con-inner\">\n\t\t\t\t<div class=\"elementor-element elementor-element-e1f0475 elementor-widget-divider--view-line elementor-widget elementor-widget-divider\" data-id=\"e1f0475\" data-element_type=\"widget\" data-widget_type=\"divider.default\">\n\t\t\t\t\t\t\t<div class=\"elementor-divider\">\n\t\t\t<span class=\"elementor-divider-separator\">\n\t\t\t\t\t\t<\/span>\n\t\t<\/div>\n\t\t\t\t\t\t<\/div>\n\t\t\t\t\t<\/div>\n\t\t\t\t<\/div>\n\t\t<div class=\"elementor-element elementor-element-c37ef9e e-flex e-con-boxed e-con e-parent\" data-id=\"c37ef9e\" data-element_type=\"container\">\n\t\t\t\t\t<div class=\"e-con-inner\">\n\t\t\t\t<div class=\"elementor-element elementor-element-8cf28a7 elementor-widget elementor-widget-heading\" data-id=\"8cf28a7\" data-element_type=\"widget\" data-widget_type=\"heading.default\">\n\t\t\t\t\t<h2 class=\"elementor-heading-title elementor-size-default\">Atendimento Presencial<\/h2>\t\t\t\t<\/div>\n\t\t\t\t<div class=\"elementor-element elementor-element-4b5c2e3 elementor-widget elementor-widget-text-editor\" data-id=\"4b5c2e3\" data-element_type=\"widget\" data-widget_type=\"text-editor.default\">\n\t\t\t\t\t\t\t\t\t<p>Agende pelo Whatsapp (85) 999614918<\/p>\t\t\t\t\t\t\t\t<\/div>\n\t\t\t\t<div class=\"elementor-element elementor-element-3b6c2dd elementor-widget elementor-widget-button\" data-id=\"3b6c2dd\" data-element_type=\"widget\" data-widget_type=\"button.default\">\n\t\t\t\t\t\t\t\t\t\t<a class=\"elementor-button elementor-button-link elementor-size-sm\" href=\"https:\/\/wa.me\/5585999614918?text=Ol%C3%A1+vim+pela+Daaz+gostaria+de+saber+mais%21\">\n\t\t\t\t\t\t<span class=\"elementor-button-content-wrapper\">\n\t\t\t\t\t\t<span class=\"elementor-button-icon\">\n\t\t\t\t<svg aria-hidden=\"true\" class=\"e-font-icon-svg e-fab-whatsapp\" viewBox=\"0 0 448 512\" xmlns=\"http:\/\/www.w3.org\/2000\/svg\"><path d=\"M380.9 97.1C339 55.1 283.2 32 223.9 32c-122.4 0-222 99.6-222 222 0 39.1 10.2 77.3 29.6 111L0 480l117.7-30.9c32.4 17.7 68.9 27 106.1 27h.1c122.3 0 224.1-99.6 224.1-222 0-59.3-25.2-115-67.1-157zm-157 341.6c-33.2 0-65.7-8.9-94-25.7l-6.7-4-69.8 18.3L72 359.2l-4.4-7c-18.5-29.4-28.2-63.3-28.2-98.2 0-101.7 82.8-184.5 184.6-184.5 49.3 0 95.6 19.2 130.4 54.1 34.8 34.9 56.2 81.2 56.1 130.5 0 101.8-84.9 184.6-186.6 184.6zm101.2-138.2c-5.5-2.8-32.8-16.2-37.9-18-5.1-1.9-8.8-2.8-12.5 2.8-3.7 5.6-14.3 18-17.6 21.8-3.2 3.7-6.5 4.2-12 1.4-32.6-16.3-54-29.1-75.5-66-5.7-9.8 5.7-9.1 16.3-30.3 1.8-3.7.9-6.9-.5-9.7-1.4-2.8-12.5-30.1-17.1-41.2-4.5-10.8-9.1-9.3-12.5-9.5-3.2-.2-6.9-.2-10.6-.2-3.7 0-9.7 1.4-14.8 6.9-5.1 5.6-19.4 19-19.4 46.3 0 27.3 19.9 53.7 22.6 57.4 2.8 3.7 39.1 59.7 94.8 83.8 35.2 15.2 49 16.5 66.6 13.9 10.7-1.6 32.8-13.4 37.4-26.4 4.6-13 4.6-24.1 3.2-26.4-1.3-2.5-5-3.9-10.5-6.6z\"><\/path><\/svg>\t\t\t<\/span>\n\t\t\t\t\t\t\t\t\t<span class=\"elementor-button-text\">Agendar<\/span>\n\t\t\t\t\t<\/span>\n\t\t\t\t\t<\/a>\n\t\t\t\t\t\t\t\t<\/div>\n\t\t\t\t<div class=\"elementor-element elementor-element-8a84007 elementor-widget elementor-widget-google_maps\" data-id=\"8a84007\" data-element_type=\"widget\" data-widget_type=\"google_maps.default\">\n\t\t\t\t\t\t\t<div class=\"elementor-custom-embed\">\n\t\t\t<iframe loading=\"lazy\"\n\t\t\t\t\tsrc=\"https:\/\/maps.google.com\/maps?q=Rua%20Jos%C3%A9%20Alves%20Cavalcante%2C%20930%20-%20Cidade%20dos%20Funcion%C3%A1rios%20&#038;t=m&#038;z=10&#038;output=embed&#038;iwloc=near\"\n\t\t\t\t\ttitle=\"Rua Jos\u00e9 Alves Cavalcante, 930 - Cidade dos Funcion\u00e1rios \"\n\t\t\t\t\taria-label=\"Rua Jos\u00e9 Alves Cavalcante, 930 - Cidade dos Funcion\u00e1rios \"\n\t\t\t><\/iframe>\n\t\t<\/div>\n\t\t\t\t\t\t<\/div>\n\t\t\t\t<div class=\"elementor-element elementor-element-3f41562 elementor-widget elementor-widget-text-editor\" data-id=\"3f41562\" data-element_type=\"widget\" data-widget_type=\"text-editor.default\">\n\t\t\t\t\t\t\t\t\t<p>Rua Jos\u00e9 Alves Cavalcante, 930 &#8211; Cidade dos Funcion\u00e1rios<\/p>\t\t\t\t\t\t\t\t<\/div>\n\t\t\t\t\t<\/div>\n\t\t\t\t<\/div>\n\t\t\t\t<\/div>\n\t\t","protected":false},"excerpt":{"rendered":"<p>Thays Rabelo Paiva Psican\u00e1lise CRP 11\/13535 Fortaleza \/ Ce Whatsapp Quem sou eu Psic\u00f3loga Cl\u00ednicaFormada em Psicologia pela Universidade de Fortaleza (UNIFOR) em 2019, atuo como psic\u00f3loga cl\u00ednica desde ent\u00e3o, com experi\u00eancia no atendimento a crian\u00e7as a partir dos 6 anos, adolescentes e adultos. Meu trabalho \u00e9 pautado na escuta qualificada, no acolhimento e na [&hellip;]<\/p>\n","protected":false},"featured_media":242,"template":"","class_list":["post-241","psicologo","type-psicologo","status-publish","has-post-thumbnail","hentry","entry","has-media"],"acf":[],"yoast_head":"<!-- This site is optimized with the Yoast SEO plugin v26.3 - https:\/\/yoast.com\/wordpress\/plugins\/seo\/ -->\n<title>Psic\u00f3loga Thays Rabelo Paiva - Cl\u00ednica Daaz<\/title>\n<meta name=\"description\" content=\"Psic\u00f3loga Thays Rabelo Paiva\" \/>\n<meta name=\"robots\" content=\"index, follow, max-snippet:-1, max-image-preview:large, max-video-preview:-1\" \/>\n<link rel=\"canonical\" href=\"https:\/\/clinicadaaz.com.br\/?psicologo=psicologa-thays-rabelo-paiva\" \/>\n<meta property=\"og:locale\" content=\"pt_BR\" \/>\n<meta property=\"og:type\" content=\"article\" \/>\n<meta property=\"og:title\" content=\"Psic\u00f3loga Thays Rabelo Paiva - Cl\u00ednica Daaz\" \/>\n<meta property=\"og:description\" content=\"Psic\u00f3loga Thays Rabelo Paiva\" \/>\n<meta property=\"og:url\" content=\"https:\/\/clinicadaaz.com.br\/?psicologo=psicologa-thays-rabelo-paiva\" \/>\n<meta property=\"og:site_name\" content=\"Cl\u00ednica Daaz\" \/>\n<meta property=\"article:modified_time\" content=\"2025-11-05T14:18:27+00:00\" \/>\n<meta property=\"og:image\" content=\"https:\/\/clinicadaaz.com.br\/wp-content\/uploads\/2025\/11\/thays-diaaz.png\" \/>\n\t<meta property=\"og:image:width\" content=\"648\" \/>\n\t<meta property=\"og:image:height\" content=\"649\" \/>\n\t<meta property=\"og:image:type\" content=\"image\/png\" \/>\n<meta name=\"twitter:card\" content=\"summary_large_image\" \/>\n<meta name=\"twitter:label1\" content=\"Est. tempo de leitura\" \/>\n\t<meta name=\"twitter:data1\" content=\"1 minuto\" \/>\n<script type=\"application\/ld+json\" class=\"yoast-schema-graph\">{\"@context\":\"https:\/\/schema.org\",\"@graph\":[{\"@type\":\"WebPage\",\"@id\":\"https:\/\/clinicadaaz.com.br\/?psicologo=psicologa-thays-rabelo-paiva\",\"url\":\"https:\/\/clinicadaaz.com.br\/?psicologo=psicologa-thays-rabelo-paiva\",\"name\":\"Psic\u00f3loga Thays Rabelo Paiva - Cl\u00ednica Daaz\",\"isPartOf\":{\"@id\":\"https:\/\/clinicadaaz.com.br\/#website\"},\"primaryImageOfPage\":{\"@id\":\"https:\/\/clinicadaaz.com.br\/?psicologo=psicologa-thays-rabelo-paiva#primaryimage\"},\"image\":{\"@id\":\"https:\/\/clinicadaaz.com.br\/?psicologo=psicologa-thays-rabelo-paiva#primaryimage\"},\"thumbnailUrl\":\"https:\/\/clinicadaaz.com.br\/wp-content\/uploads\/2025\/11\/thays-diaaz.png\",\"datePublished\":\"2025-11-05T14:13:28+00:00\",\"dateModified\":\"2025-11-05T14:18:27+00:00\",\"description\":\"Psic\u00f3loga Thays Rabelo Paiva\",\"breadcrumb\":{\"@id\":\"https:\/\/clinicadaaz.com.br\/?psicologo=psicologa-thays-rabelo-paiva#breadcrumb\"},\"inLanguage\":\"pt-BR\",\"potentialAction\":[{\"@type\":\"ReadAction\",\"target\":[\"https:\/\/clinicadaaz.com.br\/?psicologo=psicologa-thays-rabelo-paiva\"]}]},{\"@type\":\"ImageObject\",\"inLanguage\":\"pt-BR\",\"@id\":\"https:\/\/clinicadaaz.com.br\/?psicologo=psicologa-thays-rabelo-paiva#primaryimage\",\"url\":\"https:\/\/clinicadaaz.com.br\/wp-content\/uploads\/2025\/11\/thays-diaaz.png\",\"contentUrl\":\"https:\/\/clinicadaaz.com.br\/wp-content\/uploads\/2025\/11\/thays-diaaz.png\",\"width\":648,\"height\":649},{\"@type\":\"BreadcrumbList\",\"@id\":\"https:\/\/clinicadaaz.com.br\/?psicologo=psicologa-thays-rabelo-paiva#breadcrumb\",\"itemListElement\":[{\"@type\":\"ListItem\",\"position\":1,\"name\":\"In\u00edcio\",\"item\":\"https:\/\/clinicadaaz.com.br\/\"},{\"@type\":\"ListItem\",\"position\":2,\"name\":\"Psic\u00f3loga Thays Rabelo Paiva\"}]},{\"@type\":\"WebSite\",\"@id\":\"https:\/\/clinicadaaz.com.br\/#website\",\"url\":\"https:\/\/clinicadaaz.com.br\/\",\"name\":\"Cl\u00ednica Daaz\",\"description\":\"\",\"publisher\":{\"@id\":\"https:\/\/clinicadaaz.com.br\/#organization\"},\"potentialAction\":[{\"@type\":\"SearchAction\",\"target\":{\"@type\":\"EntryPoint\",\"urlTemplate\":\"https:\/\/clinicadaaz.com.br\/?s={search_term_string}\"},\"query-input\":{\"@type\":\"PropertyValueSpecification\",\"valueRequired\":true,\"valueName\":\"search_term_string\"}}],\"inLanguage\":\"pt-BR\"},{\"@type\":\"Organization\",\"@id\":\"https:\/\/clinicadaaz.com.br\/#organization\",\"name\":\"Cl\u00ednica Daaz\",\"url\":\"https:\/\/clinicadaaz.com.br\/\",\"logo\":{\"@type\":\"ImageObject\",\"inLanguage\":\"pt-BR\",\"@id\":\"https:\/\/clinicadaaz.com.br\/#\/schema\/logo\/image\/\",\"url\":\"https:\/\/clinicadaaz.com.br\/wp-content\/uploads\/2025\/11\/cropped-DAAZZLOGO.png\",\"contentUrl\":\"https:\/\/clinicadaaz.com.br\/wp-content\/uploads\/2025\/11\/cropped-DAAZZLOGO.png\",\"width\":370,\"height\":126,\"caption\":\"Cl\u00ednica Daaz\"},\"image\":{\"@id\":\"https:\/\/clinicadaaz.com.br\/#\/schema\/logo\/image\/\"}}]}<\/script>\n<!-- \/ Yoast SEO plugin. -->","yoast_head_json":{"title":"Psic\u00f3loga Thays Rabelo Paiva - Cl\u00ednica Daaz","description":"Psic\u00f3loga Thays Rabelo Paiva","robots":{"index":"index","follow":"follow","max-snippet":"max-snippet:-1","max-image-preview":"max-image-preview:large","max-video-preview":"max-video-preview:-1"},"canonical":"https:\/\/clinicadaaz.com.br\/?psicologo=psicologa-thays-rabelo-paiva","og_locale":"pt_BR","og_type":"article","og_title":"Psic\u00f3loga Thays Rabelo Paiva - Cl\u00ednica Daaz","og_description":"Psic\u00f3loga Thays Rabelo Paiva","og_url":"https:\/\/clinicadaaz.com.br\/?psicologo=psicologa-thays-rabelo-paiva","og_site_name":"Cl\u00ednica Daaz","article_modified_time":"2025-11-05T14:18:27+00:00","og_image":[{"width":648,"height":649,"url":"https:\/\/clinicadaaz.com.br\/wp-content\/uploads\/2025\/11\/thays-diaaz.png","type":"image\/png"}],"twitter_card":"summary_large_image","twitter_misc":{"Est. tempo de leitura":"1 minuto"},"schema":{"@context":"https:\/\/schema.org","@graph":[{"@type":"WebPage","@id":"https:\/\/clinicadaaz.com.br\/?psicologo=psicologa-thays-rabelo-paiva","url":"https:\/\/clinicadaaz.com.br\/?psicologo=psicologa-thays-rabelo-paiva","name":"Psic\u00f3loga Thays Rabelo Paiva - Cl\u00ednica Daaz","isPartOf":{"@id":"https:\/\/clinicadaaz.com.br\/#website"},"primaryImageOfPage":{"@id":"https:\/\/clinicadaaz.com.br\/?psicologo=psicologa-thays-rabelo-paiva#primaryimage"},"image":{"@id":"https:\/\/clinicadaaz.com.br\/?psicologo=psicologa-thays-rabelo-paiva#primaryimage"},"thumbnailUrl":"https:\/\/clinicadaaz.com.br\/wp-content\/uploads\/2025\/11\/thays-diaaz.png","datePublished":"2025-11-05T14:13:28+00:00","dateModified":"2025-11-05T14:18:27+00:00","description":"Psic\u00f3loga Thays Rabelo Paiva","breadcrumb":{"@id":"https:\/\/clinicadaaz.com.br\/?psicologo=psicologa-thays-rabelo-paiva#breadcrumb"},"inLanguage":"pt-BR","potentialAction":[{"@type":"ReadAction","target":["https:\/\/clinicadaaz.com.br\/?psicologo=psicologa-thays-rabelo-paiva"]}]},{"@type":"ImageObject","inLanguage":"pt-BR","@id":"https:\/\/clinicadaaz.com.br\/?psicologo=psicologa-thays-rabelo-paiva#primaryimage","url":"https:\/\/clinicadaaz.com.br\/wp-content\/uploads\/2025\/11\/thays-diaaz.png","contentUrl":"https:\/\/clinicadaaz.com.br\/wp-content\/uploads\/2025\/11\/thays-diaaz.png","width":648,"height":649},{"@type":"BreadcrumbList","@id":"https:\/\/clinicadaaz.com.br\/?psicologo=psicologa-thays-rabelo-paiva#breadcrumb","itemListElement":[{"@type":"ListItem","position":1,"name":"In\u00edcio","item":"https:\/\/clinicadaaz.com.br\/"},{"@type":"ListItem","position":2,"name":"Psic\u00f3loga Thays Rabelo Paiva"}]},{"@type":"WebSite","@id":"https:\/\/clinicadaaz.com.br\/#website","url":"https:\/\/clinicadaaz.com.br\/","name":"Cl\u00ednica Daaz","description":"","publisher":{"@id":"https:\/\/clinicadaaz.com.br\/#organization"},"potentialAction":[{"@type":"SearchAction","target":{"@type":"EntryPoint","urlTemplate":"https:\/\/clinicadaaz.com.br\/?s={search_term_string}"},"query-input":{"@type":"PropertyValueSpecification","valueRequired":true,"valueName":"search_term_string"}}],"inLanguage":"pt-BR"},{"@type":"Organization","@id":"https:\/\/clinicadaaz.com.br\/#organization","name":"Cl\u00ednica Daaz","url":"https:\/\/clinicadaaz.com.br\/","logo":{"@type":"ImageObject","inLanguage":"pt-BR","@id":"https:\/\/clinicadaaz.com.br\/#\/schema\/logo\/image\/","url":"https:\/\/clinicadaaz.com.br\/wp-content\/uploads\/2025\/11\/cropped-DAAZZLOGO.png","contentUrl":"https:\/\/clinicadaaz.com.br\/wp-content\/uploads\/2025\/11\/cropped-DAAZZLOGO.png","width":370,"height":126,"caption":"Cl\u00ednica Daaz"},"image":{"@id":"https:\/\/clinicadaaz.com.br\/#\/schema\/logo\/image\/"}}]}},"_links":{"self":[{"href":"https:\/\/clinicadaaz.com.br\/index.php?rest_route=\/wp\/v2\/psicologo\/241","targetHints":{"allow":["GET"]}}],"collection":[{"href":"https:\/\/clinicadaaz.com.br\/index.php?rest_route=\/wp\/v2\/psicologo"}],"about":[{"href":"https:\/\/clinicadaaz.com.br\/index.php?rest_route=\/wp\/v2\/types\/psicologo"}],"version-history":[{"count":4,"href":"https:\/\/clinicadaaz.com.br\/index.php?rest_route=\/wp\/v2\/psicologo\/241\/revisions"}],"predecessor-version":[{"id":246,"href":"https:\/\/clinicadaaz.com.br\/index.php?rest_route=\/wp\/v2\/psicologo\/241\/revisions\/246"}],"wp:featuredmedia":[{"embeddable":true,"href":"https:\/\/clinicadaaz.com.br\/index.php?rest_route=\/wp\/v2\/media\/242"}],"wp:attachment":[{"href":"https:\/\/clinicadaaz.com.br\/index.php?rest_route=%2Fwp%2Fv2%2Fmedia&parent=241"}],"curies":[{"name":"wp","href":"https:\/\/api.w.org\/{rel}","templated":true}]}}